{"id":173,"date":"2024-03-11T09:07:01","date_gmt":"2024-03-11T08:07:01","guid":{"rendered":"https:\/\/klimaschutz-frankfurt.de\/leichte-sprache\/?page_id=173"},"modified":"2024-03-11T09:07:02","modified_gmt":"2024-03-11T08:07:02","slug":"datenschutzhinweise","status":"publish","type":"page","link":"https:\/\/klimaschutz-frankfurt.de\/leichte-sprache\/datenschutzhinweise\/","title":{"rendered":"Datenschutzhinweise"},"content":{"rendered":"\n<h1 class=\"wp-block-heading\">Datenschutzhinweise<\/h1>\n\n\n\n<p>(Stand: Februar 2023)<\/p>\n\n\n\n<p>Im Folgenden informieren wir Sie in \u00dcbereinstimmung mit den anwendbaren nationalen und europ\u00e4ischen Datenschutzvorschriften \u00fcber die Verarbeitung personenbezogener Daten, die wir im Rahmen Ihres Besuchs unserer Webseite, der Kontaktaufnahme, dem Versand von Newslettern und unserer Social Media Pr\u00e4senz auf Facebook vornehmen.<\/p>\n\n\n\n<p><strong>1. Verantwortlicher f\u00fcr die Datenverarbeitung und Kontaktdaten des Datenschutzbeauftragten<\/strong><\/p>\n\n\n\n<p>Die Stadt Frankfurt am Main ist Verantwortlicher im Sinne der Datenschutz-Grundverordnung (DS-GVO). Sie erreichen die Stadt Frankfurt am Main unter Klimareferat (79A), Solmsstra\u00dfe 18, 60486 Frankfurt und per E-Mail unter <a href=\"mailto:klimareferat@stadt-frankfurt.de\" target=\"_blank\" rel=\"noreferrer noopener\">klimareferat@stadt-frankfurt.de<\/a>.<br>Die Kontaktdaten unseres Datenschutzbeauftragten lauten:<br>Stadt Frankfurt am Main<br>DER MAGISTRAT<br>Referat f\u00fcr Datenschutz &amp; IT-Sicherheit<br>Sandgasse 6<br>D-60311 Frankfurt am Main<br>Deutschland\/Germany<br>E-Mail-Adresse: <a href=\"mailto:datenschutz@stadt-frankfurt.de\" target=\"_blank\" rel=\"noreferrer noopener\">datenschutz@stadt-frankfurt.de<\/a><br>Telefon: 069 212-32888<br>Fax: 069 212-30771<\/p>\n\n\n\n<p><strong>2. Veraebeitung personenbezogener Daten \/ Art und Zweck der Verarbeitung<\/strong><\/p>\n\n\n\n<p>2.1 Beim Besuch der Webseite<\/p>\n\n\n\n<p>Ihr Webbrowser \u00fcbermittelt, sofern dies nicht von Ihnen deaktiviert wurde, folgende Daten:<br>\u2022 Browsertyp und -version<br>\u2022 verwendetes Betriebssystem<br>\u2022 Referrer URL (die zuvor besuchte Seite)<br>\u2022 Hostname des zugreifenden Rechners (IP Adresse)<br>\u2022 Datum und Uhrzeit der Serveranfrage<br>Diese von Ihrem Webbrowser \u00fcbermittelten Daten werden von uns automatisch erhoben, direkt bei Erhebung anonymisiert und gespeichert. Dies erfolgt sowohl durch die Server-Logfiles als auch durch das verwendete Content-Management-System. Eine Zusammenf\u00fchrung dieser Daten mit anderen Datenquellen wird nicht vorgenommen. Server-Logfiles werden in der Regel nach 14 Tagen automatisch gel\u00f6scht. Im \u00dcbrigen werden die Daten regelm\u00e4\u00dfig nach 180 Tagen gel\u00f6scht. Die genannten Daten werden zu Zwecken eines komplikationslosen Verbindungsaufbaus der Webseite, zur Steigerung des Komforts der Nutzung sowie zur Auswertung der Systemsicherheit und \u2013stabilit\u00e4t verarbeitet. Dar\u00fcber hinaus werden die genannten Daten in anonymisierter Form, d.h. ohne die M\u00f6glichkeit, den Nutzer zu identifizieren, f\u00fcr statistisch Zwecke und zur Verbesserung der Webseite genutzt.<br>Rechtsgrundlage f\u00fcr die Verarbeitung ist Art. 6 Abs. 1 S. 1 lit. f DS-GVO. Unser berechtigtes Interesse besteht in der Sicherstellung eines ungehinderten und st\u00f6rungsfreien Zugangs zu unserer Webseite.<br>Das Hosting der Webseite wird durch einen externen Provider durchgef\u00fchrt. Ihre Angaben werden auf gesch\u00fctzten Seiten in Deutschland und Frankreich gespeichert. Der Zugriff ist nur wenigen besonders befugten Personen m\u00f6glich, die mit der technischen, kaufm\u00e4nnischen oder redaktionellen Betreuung der Server befasst sind.<\/p>\n\n\n\n<p>2.2 Bei der Nutzung spezieller Funktionen der Webseite<\/p>\n\n\n\n<p>Soweit Sie uns \u00fcber die in Ziffer 2.1 genannten Daten hinaus bei der Nutzung der verschiedenen Funktionen unserer Webseite weitergehende personenbezogene Daten zur Verf\u00fcgung stellen, verarbeiten wir diese wie folgt:<br>(a) f\u00fcr die im Zusammenhang von klimaschutz-frankfurt.de erforderliche bzw. angeforderte Korrespondenz (z.B. bei Anfragen \u00fcber das Kontaktformular).<br>Auf unserer Webseite befindet sich ein Kontaktformular, das Sie f\u00fcr die elektronische Kontaktaufnahme nutzen k\u00f6nnen. Um Ihre Anfrage beantworten zu k\u00f6nnen, ist die Angabe des Namens, des Betreffs, des Nachrichtentexts sowie Ihrer E-Mail-Adresse erforderlich. Wenn Sie \u00fcber dieses Kontaktformular mit uns in Kontakt treten, werden die von Ihnen im Eingabefeld eigegebenen Daten von uns verarbeitet.<br>Rechtsgrundlage ist Art. 6 Abs. 1 S. 1 lit. f DS-GVO. Unser berechtigtes Interesse besteht darin, eine m\u00f6glichst hohe Nutzerzufriedenheit zu erreichen und damit unsere Services attraktiver zu gestalten.<br>(b) f\u00fcr die \u00dcbersendung eines Newsletters; vorbehaltlich ggf. weitergehender Einwilligungen.<br>Sofern Sie die entsprechende Einwilligung erteilt haben, erhalten Sie von uns einmal im Monat zum Klimaschutz in Frankfurt Informationen zu den Themen Nachhaltige Ern\u00e4hrung, Konsum, Tourismus, Energie sparen, Erneuerbare Energien, Energetische Sanierung, Verkehrswende und Recycling. Ihre Daten werden von uns nicht an diejenigen Dritten weitergegeben, auf deren Angebote wir Sie in den Informationen hinweisen, es sei denn, Sie haben hierin eingewilligt.<br>Wir verwenden bei der Anmeldung zu unserem Newsletter \u00fcber unser Online-Formular das sog. Double-Opt-in-Verfahren. Das bedeutet, wir senden Ihnen nach Angabe Ihrer E-Mail-Adresse zun\u00e4chst an diese E-Mail-Adresse eine Best\u00e4tigungsmail. Erst nachdem Sie uns den Erhalt dieser E-Mail best\u00e4tigen, beginnen wir mit dem Versand des Newsletters.<br>F\u00fcr die Zusendung des Newsletters ben\u00f6tigen wir Ihre E-Mail-Adresse. Zudem protokollieren wir bei der Anmeldung \u00fcber unser Online-Formular und der Best\u00e4tigung Ihre IP-Adresse sowie den jeweiligen Zeitpunkt.<br>Sollten Sie unseren Newsletter nicht mehr erhalten wollen, k\u00f6nnen Sie dem Erhalt jederzeit f\u00fcr die Zukunft widersprechen. Hierzu k\u00f6nnen Sie den in jeder Newsletter-E-Mail bereitgestellten Link verwenden oder uns eine E-Mail an <a href=\"mailto:klimareferat@stadt-frankfurt.de\" target=\"_blank\" rel=\"noreferrer noopener\">klimareferat@stadt-frankfurt.de<\/a> senden. Sobald Sie den Newsletter abbestellt haben, werden wir Ihre E-Mail-Adresse nicht mehr zu diesem Zweck verwenden.<br>Zum Versand des Newsletters arbeiten wir mit einem Dienstleister als Auftragsverarbeiter zusammen.<br>Rechtsgrundlage f\u00fcr die Informationserteilung ist Art. 6 Abs. 1 S. 1 lit. a \/ lit. f DS-GVO.<\/p>\n\n\n\n<p><strong>3. Weitergabe der Daten<\/strong><\/p>\n\n\n\n<p>Vorbehaltlich anderer Angaben in diesen Datenschutzhinweisen werden Ihre personenbezogenen Daten nicht an Dritte weitergeleitet, es sei denn, Sie haben hierin eingewilligt oder dies ist anderweitig gesetzlich gestattet. Ihre personenbezogenen Daten werden ausschlie\u00dflich in der EU verarbeitet.<\/p>\n\n\n\n<p><strong>4. Cookies<\/strong><\/p>\n\n\n\n<p>Diese Webseite verwendet an mehreren Stellen Cookies. Cookies sind kleine Textdateien, die Ihr Browser speichert, und die dazu dienen, die Benutzung einer Webseite einfacher, effektiver und sicherer zu machen.<br>\u00dcber die Einstellungen Ihres Internet-Browsers k\u00f6nnen Sie die Verwendung von Cookies ablehnen. Unsere Webseiten bleiben dann weiterhin aufrufbar. Wir weisen jedoch darauf hin, dass unsere Dienste in diesem Fall gegebenenfalls nur noch eingeschr\u00e4nkt bzw. nicht mehr funktionieren k\u00f6nnen.<br>Die durch Cookies verarbeiteten Daten sind f\u00fcr die genannten Zwecke zur Wahrung unserer berechtigten Interessen sowie der Dritter nach Art. 6 Abs. 1 S. 1 lit. f DS-GVO erforderlich.<br>Soweit Cookies in anderem Zusammenhang (z.B. durch Dritt-Services) zum Einsatz kommen, finden Sie zus\u00e4tzliche Informationen hierzu in den weiterf\u00fchrenden Hinweisen dieser Datenschutzhinweise bzw. den Hinweisen des jeweiligen Anbieters.<br>Cookie-Liste:<br>Essentieller Cookie<br>Essenzielle Cookies erm\u00f6glichen grundlegende Funktionen und sind f\u00fcr die einwandfreie Funktion der Website erforderlich.<br>Name: Borlabs Cookie<br>Anbieter: Eigent\u00fcmer dieser Website, Impressum<br>Zweck: Speichert die Einstellungen der Besucher, die in der Cookie Box von Borlabs Cookies ausgew\u00e4hlt wurden.<br>Cookie Laufzeit: 1 Jahr<br>Externe Medien<br>Inhalte von Videoplattformen und Social-Media-Plattformen werden standardm\u00e4\u00dfig blockiert. Wenn Cookies von externen Medien akzeptiert, bedarf der Zugriff auf diese Inhalte keiner manuellen Einwilligung mehr.<br>Name: YouTube<br>Anbieter: Google Ireland Limited, Gordon House, Barrow Street, Dublin 4, Ireland<br>Zweck: Wird verwendet, um YouTube-Inhalte zu entsperren.<br>Datenschutz: http:\/\/policies.google.com\/privacy<br>Host: Google.com<\/p>\n\n\n\n<p><strong>5. Social Media Plug-Ins und Matomo (ehem. Piwik)<\/strong><\/p>\n\n\n\n<p>Wir verwenden auf unserer Webseite Plug-Ins der sozialen Netzwerke Facebook und Youtube. Hierbei nutzen wir keine direkten Plug-Ins, sondern wenden die sog. Zwei-Klick-L\u00f6sung an. So k\u00f6nnen Sie selbst bestimmen, ob und wann Daten an die Betreiber der jeweiligen sozialen Netzwerke \u00fcbermittelt werden. Bei Aufruf unserer Webseite, werden daher grunds\u00e4tzlich keine Daten automatisch an die sozialen Netzwerke \u00fcbermittelt. Erst wenn Sie auf den jeweiligen Button klicken, stellt Ihr Browser eine Verbindung zu den Servern des jeweiligen sozialen Netzwerkes her. Hierbei erh\u00e4lt der Plug-In-Anbieter die Informationen, dass Sie die entsprechende Webseite unseres Online-Angebots aufgerufen haben.<br>Wir m\u00f6chten Sie darauf aufmerksam machen, dass wir keinen Einfluss auf die von den jeweiligen Plug-In-Anbietern erhobenen Daten und Datenverarbeitungsvorg\u00e4nge haben. M\u00f6glicherweise werden hierbei auch personenbezogene Daten in Drittl\u00e4nder, u.a. die USA \u00fcbermittelt und \/ oder mit anderen Daten verkn\u00fcpft, z.B. \u00fcber ein vorhandenes Nutzerkonto bei dem jeweiligen Anbieter. Informationen zur Datenerhebung und -verarbeitung durch den Plug-In-Anbieter erhalten Sie in den Datenschutzerkl\u00e4rungen dieser Anbieter.<\/p>\n\n\n\n<p>5.1 Facebook Plug-In<\/p>\n\n\n\n<p>Diese Seite verwendet Social-Plug-Ins der der Facebook Inc., 1601 S. California Ave, Palo Alto, CA 94304, USA (\u201eFacebook\u201c), die diese Webseite mit dem sozialen Netzwerk von Facebook verbinden.<br>Zweck und Umfang der Datenerhebung und die weitere Verarbeitung und Nutzung der Daten durch Facebook sowie Ihre diesbez\u00fcglichen Rechte und Einstellungsm\u00f6glichkeiten zum Schutz Ihrer Privatsph\u00e4re entnehmen Sie bitte den Datenschutzhinweisen von Facebook, die wir Ihnen nachfolgend unter <a href=\"https:\/\/www.facebook.com\/policy.php\" target=\"_blank\" rel=\"noreferrer noopener\">https:\/\/www.facebook.com\/policy.php<\/a> verlinkt haben. Wenn Sie nicht m\u00f6chten, dass Facebook \u00fcber diese Webseite Daten \u00fcber Sie sammelt, d\u00fcrfen Sie den bereitgestellten Button nicht verwenden.<br>Rechtsgrundlage der Datenverarbeitung ist Art. 6 Abs. 1 S. 1 lit. f DS-GVO. Der Zweck und das berechtigte Interesse bestehen in der Steigerung des Bekanntheitsgrads des Projekts.<\/p>\n\n\n\n<p>5.2 Einbindung von YouTube-Videos<\/p>\n\n\n\n<p>Wir haben auf unserer Webseite YouTube-Videos eingebunden, die auf <a href=\"http:\/\/www.YouTube.com\" target=\"_blank\" rel=\"noreferrer noopener\">http:\/\/www.YouTube.com<\/a> gespeichert sind, jedoch von unserer Webseite aus direkt abspielbar sind. Bei YouTube handelt es sich um einen Dienst, der von der Google Inc., 1600 Amphitheatre Parkway, Mountain View, CA 94043, USA (\u201eGoogle\u201c) angeboten wird. Die Videos sind im \u201eerweiterten Datenschutz-Modus\u201c eingebunden, d.h. dass keine Daten \u00fcber Sie als Nutzer an YouTube \u00fcbertragen werden, solange Sie die Videos nicht laden bzw. abspielen. Daten werden erst \u00fcbertragen, wenn Sie darin eingewilligt haben, dass das Video geladen wird. Auf die Datenverarbeitung durch YouTube haben wir keinen Einfluss.<br>Zweck und Umfang der Datenerhebung und die weitere Verarbeitung und Nutzung der Daten durch YouTube sowie Ihre diesbez\u00fcglichen Rechte und Einstellungsm\u00f6glichkeiten zum Schutz Ihrer Privatsph\u00e4re entnehmen Sie bitte den Datenschutzhinweisen von YouTube, die wir Ihnen nachfolgend unter <a href=\"https:\/\/www.google.de\/intl\/de\/policies\/privacy\" target=\"_blank\" rel=\"noreferrer noopener\">https:\/\/www.google.de\/intl\/de\/policies\/privacy<\/a> .<br>Rechtsgrundlage der Datenverarbeitung ist Ihre Einwilligung nach Art. 6 Abs. 1 S. 1 lit. a DS-GVO. Sie k\u00f6nnen Ihre Einwilligung in die Verarbeitung jederzeit mit Wirkung f\u00fcr die Zukunft widerrufen.<\/p>\n\n\n\n<p>5.3 Analytics mit Matomo (ehem. Piwik)<\/p>\n\n\n\n<p>Unsere Webseite verwendet Matomo (ehemals Piwik) ein Webanalysedienst der InnoCraft Ltd. (150 Willis St, 6011 Wellington, Neuseeland). Dabei handelt es sich um einen sogenannten Webanalysedienst. Wir nutzen hierbei die Cookieless tracking Version von Matomo, was bedeutet, dass wir keine Tracking-Cookies verwenden und keine personenbezogenen Daten in diesem Zusammenhang verarbeiten.<br>Matomo setzt zwar ein essentielles Cookie, dieses ist aber rein funktional und verarbeitet keine personenbezogenen Daten: MATOMO_SESSID ist ein tempor\u00e4res, kurzlebiges Cookie, das eine Zufallszahl bereitstellt, was dazu beitr\u00e4gt, CSRF-Sicherheitsprobleme zu verhindern, w\u00e4hrend Nutzer das Tracking ablehnen.<br>Wenn Sie mit der Analyse Ihres Besuchs auf unserer Website und der von Ihnen get\u00e4tigten Aktionen nicht einverstanden sind, k\u00f6nnen Sie dem jederzeit per Klick auf den folgenden Link widersprechen sog. Opt Out.<br><\/p>\n\n\n\n<div class=\"wp-block-group einzug_tracking has-cyan-bluish-gray-background-color has-background\"><div class=\"wp-block-group__inner-container is-layout-constrained wp-block-group-is-layout-constrained\"><p id=\"matomo_opted_out_intro\" style=\"display:none;\">Opt-out abgeschlossen; Ihre Besuche auf dieser Webseite werden nicht vom Webanalysetool erfasst. Bitte beachten Sie, dass auch der Matomo-Deaktivierungs-Cookie dieser Webseite gel\u00f6scht wird, wenn Sie die in Ihrem Browser abgelegten Cookies entfernen. Au\u00dferdem m\u00fcssen Sie, wenn Sie einen anderen Computer oder einen anderen Webbrowser verwenden, die Deaktivierungsprozedur nochmals absolvieren.<\/p><p id=\"matomo_opted_in_intro\" >Sie haben die M\u00f6glichkeit zu verhindern, dass von Ihnen hier get\u00e4tigte Aktionen analysiert und verkn\u00fcpft werden. Dies wird Ihre Privatsph\u00e4re sch\u00fctzen, aber wird auch den Besitzer daran hindern, aus Ihren Aktionen zu lernen und die Bedienbarkeit f\u00fcr Sie und andere Benutzer zu verbessern.<\/p><form>\n        <input type=\"checkbox\" id=\"matomo_optout_checkbox\" checked=\"checked\"\/>\n        <label for=\"matomo_optout_checkbox\"><strong>\n        <span id=\"matomo_opted_in_label\" >Ihr Besuch dieser Webseite wird aktuell von der Matomo Webanalyse erfasst. Diese Checkbox abw\u00e4hlen f\u00fcr Opt-Out.<\/span>\n\t\t<span id=\"matomo_opted_out_label\" style=\"display:none;\">Ihr Besuch dieser Webseite wird aktuell von der Matomo Webanalyse nicht erfasst. Diese Checkbox aktivieren f\u00fcr Opt-In.<\/span>\n        <\/strong><\/label><\/form><noscript><p><strong style=\"color: #ff0000;\">This opt out feature requires JavaScript.<\/strong><\/p><\/noscript><p id=\"matomo_outout_err_cookies\" style=\"display: none;\"><strong>Die Tracking opt-out Funktion ben\u00f6tigt aktivierte Cookies.<\/strong><\/p>\n<\/div><\/div>\n\n\n\n<p>&#8211;<\/p>\n\n\n\n<p>Die Verwendung von Matomo erfolgt auf Grundlage des Art. 6 Abs. 1 S. 1 lit. f DS-GVO. Hiermit wollen wir eine bedarfsgerechte Gestaltung und die fortlaufende Optimierung unserer Webseite sicherstellen. Zudem setzen wir Matomo ein, um die Nutzung unserer Webseite statistisch zu erfassen und zum Zwecke der Optimierung unseres Angebotes f\u00fcr Sie auszuwerten. Diese Interessen sind als berechtigt im Sinne der DS-GVO anzusehen.<\/p>\n\n\n\n<p><strong>6. Facebook-Pr\u00e4senz<\/strong><\/p>\n\n\n\n<p>Wir betreiben eine Online-Pr\u00e4senz auf Facebook unter der Adresse <a href=\"https:\/\/www.facebook.com\/KlimaschutzTeamFrankfurt\/?ref=page_internal\" target=\"_blank\" rel=\"noreferrer noopener\">https:\/\/www.facebook.com\/KlimaschutzTeamFrankfurt\/?ref=page_internal<\/a> . Verantwortlicher im Sinne der DS-GVO sind f\u00fcr diese Seite wir, gemeinsam mit Facebook Ireland Ltd. (\u201eFacebook\u201c). Wir haben eine Vereinbarung mit Facebook \u00fcber die gemeinsame Verantwortlichkeit gem\u00e4\u00df Art. 26 DS-GVO abgeschlossen. Diese Vereinbarung, die sog. \u201eSeiten-Insights-Erg\u00e4nzung\u201c findet sich unter <a href=\"https:\/\/de-de.facebook.com\/legal\/terms\/page_controller_addendum\" target=\"_blank\" rel=\"noreferrer noopener\">https:\/\/de-de.facebook.com\/legal\/terms\/page_controller_addendum<\/a> .Nach dieser Vereinbarung \u00fcbernimmt Facebook wesentliche Pflichten, insbesondere zur Information von Betroffenen und zur Wahrung von Betroffenenrechten und Sicherheitsma\u00dfnahmen, die Facebook beachten muss.<br>Wir betreiben unsere Facebookseite, um mit Ihnen kommunizieren zu k\u00f6nnen und Sie auf diesem Wege \u00fcber relevante Neuigkeiten zu informieren. Wenn Sie unser Profil auf Facebook besuchen oder mit diesem interagieren, kann es zu einer Verarbeitung von personenbezogenen Daten kommen. Auch die mit einem verwendeten Social Media Profil verbundenen Informationen stellen regelm\u00e4\u00dfig personenbezogene Daten dar, worunter Nachrichten und Aussagen fallen, die unter Verwendung des Profils vorgenommen werden. Zudem werden w\u00e4hrend des Besuchs von Facebook oftmals auch automatisch bestimmte Informationen hier\u00fcber erfasst, die auch personenbezogene Daten darstellen k\u00f6nnen.<br>Wenn Sie uns \u00fcber unsere Facebook-Seite kontaktieren, verarbeiten wir Ihre Daten, die Sie uns im Rahmen der Kontaktaufnahme zur Verf\u00fcgung stellen, um Ihre Anfrage beantworten zu k\u00f6nnen. Wir weisen Sie in diesem Zusammenhang darauf hin, dass die Kommunikation \u00fcber Facebook potentiell unsicher ist und Sie uns jederzeit auch \u00fcber andere Wege kontaktieren k\u00f6nnen, insbesondere \u00fcber das auf der Webseite zur Verf\u00fcgung gestellte Kontaktformular.<br>Es besteht die M\u00f6glichkeit, dass wir von Facebook standardm\u00e4\u00dfig zur Verf\u00fcgung gestellte aggregierte, anonymisierte Nutzungsstatistiken, die wir zur Auswertung des Nutzungsverhaltens und zur Verbesserung unseres Informationsangebotes nutzen, erhalten. Diese k\u00f6nnen durch Facebook als Plattformbetreiber ggf. auch auf Basis personenbezogener Nutzerdaten erstellt worden sein. Wir k\u00f6nnen die \u00fcber die Seiten-Insights erhaltenen Informationen jedoch keinen einzelnen Nutzer-Profilen, die mit unserer Facebookseite interagieren, zuordnen. N\u00e4here Angaben zu Facebook und den Auswertungsm\u00f6glichkeiten entnehmen Sie bitte den verlinkten Datenschutzhinweisen.<br>Rechtsgrundlage f\u00fcr die Nutzung unserer Facebookseite ist Art. 6 Abs. 1 S. 1 lit. f DS-GVO.<br>Wir m\u00f6chten darauf hinweisen, dass wir weder Einfluss auf die von Facebook von Ihnen erhobenen Daten und Datenverarbeitungsvorg\u00e4nge haben, noch ist uns der volle Umfang der Datenerhebung, die Zwecke der Verarbeitung oder die Speicherfristen bekannt. Soweit uns dies m\u00f6glich ist, z. B. durch die Vornahme von Einstellungen und Konfigurationen, wirken wir auf einen datenschutzgerechten und datensparsamen Umgang Ihrer personenbezogenen Daten durch Facebook hin. Wir haben jedoch nur \u00e4u\u00dferst begrenzt Einfluss auf die Datenverarbeitung durch den Plattformbetreiber.<br>Bitte beachten Sie, dass Facebook m\u00f6glicherweise im Rahmen seiner Datenverarbeitung personenbezogene Daten an Facebook Ireland Ltd. mit Sitz in den USA \u00fcbermittelt. Soweit Daten au\u00dferhalb der EU\/des EWR verarbeitet werden und kein dem europ\u00e4ischen Standard entsprechendes Datenschutzniveau besteht, haben wir zur Herstellung eines angemessenen Datenschutzniveaus mit Facebook EU-Standardvertragsklauseln geschlossen.<\/p>\n\n\n\n<p><strong>7. Sicherheit bei der Daten\u00fcbertragung<\/strong><\/p>\n\n\n\n<p>Bei der Datenkommunikation in offenen Netzen, wie dem Internet, kann der Schutz der \u00fcbertragenen Daten nach dem derzeitigen Stand der Technik nicht umfassend gew\u00e4hrleistet und nicht l\u00fcckenlos vor dem Zugriff durch Dritte gesch\u00fctzt werden. Senden Sie uns daher \u00fcber das Internet (z.B. per Kontaktformular oder E-Mail) ohne ausreichenden Schutz keine vertraulichen Daten. Alle Formulare auf dieser Webseite, bei denen personenbezogene Daten erfasst werden, sind mit dem Protokoll TLS 1.3. verschl\u00fcsselt.<\/p>\n\n\n\n<p><strong>8. Ihre Rechte<\/strong><\/p>\n\n\n\n<p>Sie haben als Betroffener nach der DS-GVO das Recht<br>\u2022 gem\u00e4\u00df Art. 15 DS-GVO Auskunft \u00fcber Ihre von uns verarbeiteten personenbezogenen Daten zu verlangen;<br>\u2022 gem\u00e4\u00df Art. 16 DS-GVO unverz\u00fcglich die Berichtigung unrichtiger oder Vervollst\u00e4ndigung Ihrer bei uns gespeicherten personenbezogenen Daten zu verlangen;<br>\u2022 gem\u00e4\u00df Art. 17 DS-GVO die L\u00f6schung Ihrer bei uns gespeicherten personenbezogenen Daten zu verlangen;<br>\u2022 gem\u00e4\u00df Art. 18 DS-GVO die Einschr\u00e4nkung der Verarbeitung Ihrer personenbezogenen Daten zu verlangen;<br>\u2022 gem\u00e4\u00df Art. 20 DS-GVO Ihre personenbezogenen Daten, die Sie uns bereitgestellt haben, in einem strukturierten, g\u00e4ngigen und maschinenlesebaren Format zu erhalten oder die \u00dcbermittlung an einen anderen Verantwortlichen zu verlangen;<br><strong><mark style=\"background-color:#0693e3\" class=\"has-inline-color\">\u2022 gem\u00e4\u00df Art. 21 DS-GVO Widerspruch gegen die Verarbeitung Ihrer personenbezogenen Daten einzulegen;<\/mark><\/strong><br>\u2022 im Falle einer erteilten Einwilligung, gem\u00e4\u00df Art. 7 Abs. 3 DS-GVO eine einmal erteilte Einwilligung jederzeit gegen\u00fcber uns zu widerrufen. Dies hat zur Folge, dass wir die Verarbeitung, die auf dieser Einwilligung beruhte, f\u00fcr die Zukunft nicht mehr fortf\u00fchren d\u00fcrfen, ohne dass die Rechtm\u00e4\u00dfigkeit der aufgrund der Einwilligung bis zum Widerruf erfolgten Verarbeitung ber\u00fchrt wird;<br>\u2022 gem\u00e4\u00df Art. 77 DS-GVO sich bei einer Aufsichtsbeh\u00f6rde zu beschweren.<\/p>\n\n\n\n<p>Die f\u00fcr uns zust\u00e4ndige Aufsichtsbeh\u00f6rde ist der Hessische Beauftragte f\u00fcr Datenschutz und Informationsfreiheit<br>Postadresse:<br>Postfach 3163<br>65021 Wiesbaden<br>Telefon: +49 611 1408 0<br>Email: <a href=\"mailto:poststelle@datenschutz.hessen.de\" target=\"_blank\" rel=\"noreferrer noopener\">poststelle@datenschutz.hessen.de<\/a><\/p>\n\n\n\n<p><strong>9. Kontakt<\/strong><\/p>\n\n\n\n<p>Wenn Sie Fragen zur Verarbeitung Ihrer personenbezogenen Daten oder zu Ihren Rechten haben, wenden Sie sich gerne jederzeit an uns oder unseren Datenschutzbeauftragten unter den eingangs angegebenen Kontaktdaten.<\/p>\n","protected":false},"excerpt":{"rendered":"<p>Datenschutzhinweise (Stand: Februar 2023) Im Folgenden informieren wir Sie in \u00dcbereinstimmung mit den anwendbaren nationalen und europ\u00e4ischen Datenschutzvorschriften \u00fcber die Verarbeitung personenbezogener Daten, die wir im Rahmen Ihres Besuchs unserer Webseite, der Kontaktaufnahme, dem Versand von Newslettern und unserer Social Media Pr\u00e4senz auf Facebook vornehmen. 1. Verantwortlicher f\u00fcr die Datenverarbeitung und Kontaktdaten des Datenschutzbeauftragten Die [&hellip;]<\/p>\n","protected":false},"author":1,"featured_media":0,"parent":0,"menu_order":0,"comment_status":"closed","ping_status":"closed","template":"","meta":{"_acf_changed":false,"footnotes":""},"class_list":["post-173","page","type-page","status-publish","hentry"],"acf":[],"featured_image_src":null,"publishpress_future_action":{"enabled":false,"date":"2026-05-09 12:11:44","action":"change-status","newStatus":"draft","terms":[],"taxonomy":"","extraData":[]},"publishpress_future_workflow_manual_trigger":{"enabledWorkflows":[]},"_links":{"self":[{"href":"https:\/\/klimaschutz-frankfurt.de\/leichte-sprache\/wp-json\/wp\/v2\/pages\/173","targetHints":{"allow":["GET"]}}],"collection":[{"href":"https:\/\/klimaschutz-frankfurt.de\/leichte-sprache\/wp-json\/wp\/v2\/pages"}],"about":[{"href":"https:\/\/klimaschutz-frankfurt.de\/leichte-sprache\/wp-json\/wp\/v2\/types\/page"}],"author":[{"embeddable":true,"href":"https:\/\/klimaschutz-frankfurt.de\/leichte-sprache\/wp-json\/wp\/v2\/users\/1"}],"replies":[{"embeddable":true,"href":"https:\/\/klimaschutz-frankfurt.de\/leichte-sprache\/wp-json\/wp\/v2\/comments?post=173"}],"version-history":[{"count":1,"href":"https:\/\/klimaschutz-frankfurt.de\/leichte-sprache\/wp-json\/wp\/v2\/pages\/173\/revisions"}],"predecessor-version":[{"id":175,"href":"https:\/\/klimaschutz-frankfurt.de\/leichte-sprache\/wp-json\/wp\/v2\/pages\/173\/revisions\/175"}],"wp:attachment":[{"href":"https:\/\/klimaschutz-frankfurt.de\/leichte-sprache\/wp-json\/wp\/v2\/media?parent=173"}],"curies":[{"name":"wp","href":"https:\/\/api.w.org\/{rel}","templated":true}]}}