{"id":229,"date":"2024-03-20T15:34:26","date_gmt":"2024-03-20T14:34:26","guid":{"rendered":"https:\/\/klimaschutz-frankfurt.de\/leichte-sprache\/?page_id=229"},"modified":"2024-03-20T15:34:27","modified_gmt":"2024-03-20T14:34:27","slug":"nutzungsbedingungen","status":"publish","type":"page","link":"https:\/\/klimaschutz-frankfurt.de\/leichte-sprache\/nutzungsbedingungen\/","title":{"rendered":"Nutzungsbedingungen"},"content":{"rendered":"\n<h1 class=\"wp-block-heading\">Nutzungsbedingungen<\/h1>\n\n\n\n<p>f\u00fcr die Website www.klimaschutz-frankfurt.de<br>der Stadt Frankfurt am Main<br>Dezernat f\u00fcr Klima, Umwelt und Frauen,<br>Klimareferat (nachfolgend \u201ewir\u201c)<\/p>\n\n\n\n<ol class=\"wp-block-list\">\n<li>Diese Nutzungsbedingungen gelten f\u00fcr alle Besucher unserer Website www.klimaschutz-frankfurt.de.<\/li>\n\n\n\n<li>Soweit in diesen Nutzungsbedingungen nicht unmittelbar ge\u00e4ndert oder ausgeschlossen, gelten die gesetzlichen Bestimmungen.<\/li>\n\n\n\n<li>Dem Besucher ist es verboten,\n<ul class=\"wp-block-list\">\n<li>Funktionen unserer Website zu umgehen, au\u00dfer Kraft zu setzen oder in sonstiger Weise st\u00f6rend in sie einzugreifen, insbesondere Ma\u00dfnahmen zu ergreifen, die eine \u00fcberm\u00e4\u00dfige Belastung der Website zu Folge haben k\u00f6nnen;<\/li>\n\n\n\n<li>die von uns generierten Inhalte zu blockieren, zu \u00fcberschreiben oder zu modifizieren;<\/li>\n\n\n\n<li>automatische Funktionen (z.B. Algorithmen, Maschinen) zur Nutzung unserer Website einzusetzen;<\/li>\n\n\n\n<li>Viren oder andere Schadstoffe zu versenden oder zug\u00e4nglich zu machen, die unsere Website oder die Computersysteme von Besuchern unserer Website beeintr\u00e4chtigen oder sch\u00e4digen k\u00f6nnten.<\/li>\n<\/ul>\n<\/li>\n\n\n\n<li>Bestehen konkrete Anhaltspunkte, dass ein Besucher gegen diese Nutzungsbedingungen oder gesetzliche Vorschriften verst\u00f6\u00dft oder Rechte Dritter verletzt, behalten wir uns vor, den Zugang des Nutzers zu unserer Website vor\u00fcbergehend oder dauerhaft zu beschr\u00e4nken oder zu sperren.<\/li>\n\n\n\n<li>Sofern nicht anders angegeben, stehen uns die Rechte an den Inhalten (Texte, Bilder, Grafiken usw.) auf unserer Website zu. Die Nutzung (das Vervielf\u00e4ltigen, Verbreiten, \u00d6ffentlich-zug\u00e4nglich-Machen und Bearbeiten) dieser Inhalte ist nur nach unserer vorherigen Einwilligung in Textform zul\u00e4ssig.<\/li>\n\n\n\n<li>Generell und bei Verlinkung auf Internetseiten Dritter ist unsere Haftung, soweit wie rechtlich zul\u00e4ssig, ausgeschlossen bzw. beschr\u00e4nkt.<\/li>\n\n\n\n<li>Sofern nicht ausdr\u00fccklich anders bestimmt, sind die Inhalte unserer Website unverbindliche Angebote. Sie werden dem Besucher kostenlos zur Verf\u00fcgung gestellt. Ein Rechtsanspruch hierauf besteht nicht.<\/li>\n\n\n\n<li>Diese Nutzungsbedingung und alle hieraus resultierenden Rechtsbeziehungen zwischen uns und den Besuchern unserer Website unterliegen ausschlie\u00dflich dem Recht der Bundesrepublik Deutschland.<\/li>\n\n\n\n<li>Ist der Besucher unserer Webseite Unternehmer oder eine Einrichtung der \u00f6ffentlichen Hand, ist Gerichtsstand Frankfurt am Main.<\/li>\n<\/ol>\n","protected":false},"excerpt":{"rendered":"<p>Nutzungsbedingungen f\u00fcr die Website www.klimaschutz-frankfurt.deder Stadt Frankfurt am MainDezernat f\u00fcr Klima, Umwelt und Frauen,Klimareferat (nachfolgend \u201ewir\u201c)<\/p>\n","protected":false},"author":1,"featured_media":0,"parent":0,"menu_order":0,"comment_status":"closed","ping_status":"closed","template":"","meta":{"_acf_changed":false,"footnotes":""},"class_list":["post-229","page","type-page","status-publish","hentry"],"acf":[],"featured_image_src":null,"publishpress_future_action":{"enabled":false,"date":"2026-05-08 18:21:57","action":"change-status","newStatus":"draft","terms":[],"taxonomy":"","extraData":[]},"publishpress_future_workflow_manual_trigger":{"enabledWorkflows":[]},"_links":{"self":[{"href":"https:\/\/klimaschutz-frankfurt.de\/leichte-sprache\/wp-json\/wp\/v2\/pages\/229","targetHints":{"allow":["GET"]}}],"collection":[{"href":"https:\/\/klimaschutz-frankfurt.de\/leichte-sprache\/wp-json\/wp\/v2\/pages"}],"about":[{"href":"https:\/\/klimaschutz-frankfurt.de\/leichte-sprache\/wp-json\/wp\/v2\/types\/page"}],"author":[{"embeddable":true,"href":"https:\/\/klimaschutz-frankfurt.de\/leichte-sprache\/wp-json\/wp\/v2\/users\/1"}],"replies":[{"embeddable":true,"href":"https:\/\/klimaschutz-frankfurt.de\/leichte-sprache\/wp-json\/wp\/v2\/comments?post=229"}],"version-history":[{"count":1,"href":"https:\/\/klimaschutz-frankfurt.de\/leichte-sprache\/wp-json\/wp\/v2\/pages\/229\/revisions"}],"predecessor-version":[{"id":230,"href":"https:\/\/klimaschutz-frankfurt.de\/leichte-sprache\/wp-json\/wp\/v2\/pages\/229\/revisions\/230"}],"wp:attachment":[{"href":"https:\/\/klimaschutz-frankfurt.de\/leichte-sprache\/wp-json\/wp\/v2\/media?parent=229"}],"curies":[{"name":"wp","href":"https:\/\/api.w.org\/{rel}","templated":true}]}}