{"id":27,"date":"2024-02-28T11:07:35","date_gmt":"2024-02-28T10:07:35","guid":{"rendered":"https:\/\/klimaschutz-frankfurt.de\/leichte-sprache\/?page_id=27"},"modified":"2024-07-10T13:49:18","modified_gmt":"2024-07-10T11:49:18","slug":"kuehlen-im-sommer","status":"publish","type":"page","link":"https:\/\/klimaschutz-frankfurt.de\/leichte-sprache\/kuehlen-im-sommer\/","title":{"rendered":"K\u00fchlen im Sommer"},"content":{"rendered":"\n<div class=\"wp-block-columns is-layout-flex wp-container-core-columns-is-layout-9d6595d7 wp-block-columns-is-layout-flex\">\n<div class=\"wp-block-column is-layout-flow wp-block-column-is-layout-flow\">\n<h1 class=\"wp-block-heading\">So ist es klima-freundlich:<br>Tipps zum K\u00fchlen im Sommer<\/h1>\n\n\n\n<p>Im Sommer gibt es viele hei\u00dfe Tage.<\/p>\n\n\n\n<p>Dann ist es auch in der Wohnung sehr warm.<\/p>\n\n\n\n<p>Das ist nicht so gut.<br>Denn die Hitze ist anstrengend.<br>Und man kann auch <strong><span style=\"text-decoration: underline\">nicht<\/span><\/strong> gut schlafen.<\/p>\n<\/div>\n\n\n\n<div class=\"wp-block-column is-layout-flow wp-block-column-is-layout-flow\"><\/div>\n<\/div>\n\n\n\n<div class=\"wp-block-columns is-layout-flex wp-container-core-columns-is-layout-9d6595d7 wp-block-columns-is-layout-flex\">\n<div class=\"wp-block-column is-layout-flow wp-block-column-is-layout-flow\">\n<p><strong>Was k\u00f6nnen wir gegen Hitze in der Wohnung tun?<\/strong><\/p>\n\n\n\n<p><strong>Hier sind die Tipps:<\/strong><\/p>\n\n\n\n<p>Hier anklicken und mehr lesen \u2026<br><a href=\"#Fenster_zu\">Am Tag Fenster zu \u2013 in der Nacht Fenster auf<\/a><\/p>\n\n\n\n<p>Hier anklicken und mehr lesen \u2026<br><a href=\"#Rolladen_runter\">Roll-laden runter-lassen<\/a><\/p>\n\n\n\n<p>Hier anklicken und mehr lesen \u2026<br><a href=\"#Feuchte_Tuecher\">Feuchte T\u00fccher aufh\u00e4ngen<\/a><\/p>\n\n\n\n<p>Hier anklicken und mehr lesen \u2026<br><a href=\"#Lustige_Tricks\">Lustige Tricks zum K\u00fchlen<\/a><\/p>\n<\/div>\n\n\n\n<div class=\"wp-block-column is-layout-flow wp-block-column-is-layout-flow\"><\/div>\n<\/div>\n\n\n\n<div class=\"wp-block-columns is-layout-flex wp-container-core-columns-is-layout-9d6595d7 wp-block-columns-is-layout-flex\">\n<div class=\"wp-block-column is-layout-flow wp-block-column-is-layout-flow\">\n<h2 class=\"wp-block-heading\" id=\"Fenster_zu\">Am Tag: Fenster zu<br>In der Nacht: Fenster auf<\/h2>\n\n\n\n<h3 class=\"wp-block-heading\">Am Tag: Fenster zu<\/h3>\n\n\n\n<p>Wichtig ist:<\/p>\n\n\n\n<p>Die Hitze soll nicht in die Wohnung kommen.<\/p>\n\n\n\n<p><strong>Deshalb der Tipp:<\/strong><\/p>\n\n\n\n<ul class=\"wp-block-list\">\n<li>Lassen Sie die Fenster <strong><span style=\"text-decoration: underline\">nicht<\/span><\/strong> gekippt.<\/li>\n\n\n\n<li>Machen Sie am Tag alle Fenster ganz zu.<\/li>\n<\/ul>\n\n\n\n<p>Dann kommt die hei\u00dfe Luft <strong><span style=\"text-decoration: underline\">nicht<\/span><\/strong> in die Wohnung<\/p>\n<\/div>\n\n\n\n<div class=\"wp-block-column is-layout-flow wp-block-column-is-layout-flow\">\n<figure class=\"wp-block-gallery has-nested-images columns-default wp-block-gallery-1 is-layout-flex wp-block-gallery-is-layout-flex\">\n<figure class=\"wp-block-image size-full\"><a href=\"https:\/\/klimaschutz-frankfurt.de\/leichte-sprache\/wp-content\/uploads\/sites\/3\/2024\/02\/raum-kuelen-fenster-geschlossen.jpg\"><img loading=\"lazy\" decoding=\"async\" width=\"1920\" height=\"1280\" data-id=\"82\" src=\"https:\/\/klimaschutz-frankfurt.de\/leichte-sprache\/wp-content\/uploads\/sites\/3\/2024\/02\/raum-kuelen-fenster-geschlossen.jpg\" alt=\"\" class=\"wp-image-82\" srcset=\"https:\/\/klimaschutz-frankfurt.de\/leichte-sprache\/wp-content\/uploads\/sites\/3\/2024\/02\/raum-kuelen-fenster-geschlossen.jpg 1920w, https:\/\/klimaschutz-frankfurt.de\/leichte-sprache\/wp-content\/uploads\/sites\/3\/2024\/02\/raum-kuelen-fenster-geschlossen-768x512.jpg 768w, https:\/\/klimaschutz-frankfurt.de\/leichte-sprache\/wp-content\/uploads\/sites\/3\/2024\/02\/raum-kuelen-fenster-geschlossen-1536x1024.jpg 1536w\" sizes=\"auto, (max-width: 1920px) 100vw, 1920px\" \/><\/a><\/figure>\n<\/figure>\n<\/div>\n<\/div>\n\n\n\n<div class=\"wp-block-columns is-layout-flex wp-container-core-columns-is-layout-9d6595d7 wp-block-columns-is-layout-flex\">\n<div class=\"wp-block-column is-layout-flow wp-block-column-is-layout-flow\">\n<h3 class=\"wp-block-heading\" id=\"Fenster_auf\">In der Nacht: Fenster auf<\/h3>\n\n\n\n<p>Nachts ist es k\u00fchler.<\/p>\n\n\n\n<p><strong>Deshalb der Tipp:<\/strong><br>Machen Sie nachts alle Fenster auf.<br>Das nennt man: durch-l\u00fcften.<\/p>\n\n\n\n<p>Das bedeutet:<br>Es kommt k\u00fchle Luft ins Zimmer.<\/p>\n\n\n\n<p>Das ist angenehm.<\/p>\n<\/div>\n\n\n\n<div class=\"wp-block-column is-layout-flow wp-block-column-is-layout-flow\">\n<figure class=\"wp-block-gallery has-nested-images columns-default wp-block-gallery-2 is-layout-flex wp-block-gallery-is-layout-flex\">\n<figure class=\"wp-block-image size-full\"><a href=\"https:\/\/klimaschutz-frankfurt.de\/leichte-sprache\/wp-content\/uploads\/sites\/3\/2024\/02\/fenster-abends-oeffnen-lueften.jpg\"><img loading=\"lazy\" decoding=\"async\" width=\"1920\" height=\"1280\" data-id=\"83\" src=\"https:\/\/klimaschutz-frankfurt.de\/leichte-sprache\/wp-content\/uploads\/sites\/3\/2024\/02\/fenster-abends-oeffnen-lueften.jpg\" alt=\"\" class=\"wp-image-83\" srcset=\"https:\/\/klimaschutz-frankfurt.de\/leichte-sprache\/wp-content\/uploads\/sites\/3\/2024\/02\/fenster-abends-oeffnen-lueften.jpg 1920w, https:\/\/klimaschutz-frankfurt.de\/leichte-sprache\/wp-content\/uploads\/sites\/3\/2024\/02\/fenster-abends-oeffnen-lueften-768x512.jpg 768w, https:\/\/klimaschutz-frankfurt.de\/leichte-sprache\/wp-content\/uploads\/sites\/3\/2024\/02\/fenster-abends-oeffnen-lueften-1536x1024.jpg 1536w\" sizes=\"auto, (max-width: 1920px) 100vw, 1920px\" \/><\/a><\/figure>\n<\/figure>\n<\/div>\n<\/div>\n\n\n\n<div class=\"wp-block-columns is-layout-flex wp-container-core-columns-is-layout-9d6595d7 wp-block-columns-is-layout-flex\">\n<div class=\"wp-block-column is-layout-flow wp-block-column-is-layout-flow\">\n<p><strong>Nicht vergessen:<\/strong><\/p>\n\n\n\n<p>Machen Sie die Fenster am Morgen wieder zu.<\/p>\n\n\n\n<p>So bleibt die k\u00fchle Luft im Zimmer.<br>Und die hei\u00dfe Luft bleibt drau\u00dfen.<\/p>\n<\/div>\n\n\n\n<div class=\"wp-block-column is-layout-flow wp-block-column-is-layout-flow\">\n<figure class=\"wp-block-gallery has-nested-images columns-default wp-block-gallery-3 is-layout-flex wp-block-gallery-is-layout-flex\">\n<figure class=\"wp-block-image size-full\"><a href=\"https:\/\/klimaschutz-frankfurt.de\/leichte-sprache\/wp-content\/uploads\/sites\/3\/2024\/02\/lueften-fenster-schliessen.jpg\"><img loading=\"lazy\" decoding=\"async\" width=\"1920\" height=\"1280\" data-id=\"85\" src=\"https:\/\/klimaschutz-frankfurt.de\/leichte-sprache\/wp-content\/uploads\/sites\/3\/2024\/02\/lueften-fenster-schliessen.jpg\" alt=\"\" class=\"wp-image-85\" srcset=\"https:\/\/klimaschutz-frankfurt.de\/leichte-sprache\/wp-content\/uploads\/sites\/3\/2024\/02\/lueften-fenster-schliessen.jpg 1920w, https:\/\/klimaschutz-frankfurt.de\/leichte-sprache\/wp-content\/uploads\/sites\/3\/2024\/02\/lueften-fenster-schliessen-768x512.jpg 768w, https:\/\/klimaschutz-frankfurt.de\/leichte-sprache\/wp-content\/uploads\/sites\/3\/2024\/02\/lueften-fenster-schliessen-1536x1024.jpg 1536w\" sizes=\"auto, (max-width: 1920px) 100vw, 1920px\" \/><\/a><figcaption class=\"wp-element-caption\">Female hand holding window handle<\/figcaption><\/figure>\n<\/figure>\n<\/div>\n<\/div>\n\n\n\n<div class=\"wp-block-columns is-layout-flex wp-container-core-columns-is-layout-9d6595d7 wp-block-columns-is-layout-flex\">\n<div class=\"wp-block-column is-layout-flow wp-block-column-is-layout-flow\">\n<h2 class=\"wp-block-heading\" id=\"Rolladen_runter\">Roll-laden runter-lassen<\/h2>\n\n\n\n<p><strong>Wichtig ist:<\/strong><br>Lassen Sie keine Sonne ins Zimmer.<br>Denn die Sonne erw\u00e4rmt die Luft.<\/p>\n\n\n\n<p><strong>Am besten ist:<\/strong><br>Machen Sie die Fenster von au\u00dfen dunkel.<\/p>\n\n\n\n<p><strong>Der Grund:<\/strong><br>Die Sonne macht die Fensterscheiben hei\u00df.<br>Und die Luft im Zimmer wird warm.<\/p>\n<\/div>\n\n\n\n<div class=\"wp-block-column is-layout-flow wp-block-column-is-layout-flow\"><\/div>\n<\/div>\n\n\n\n<div class=\"wp-block-columns is-layout-flex wp-container-core-columns-is-layout-9d6595d7 wp-block-columns-is-layout-flex\">\n<div class=\"wp-block-column is-layout-flow wp-block-column-is-layout-flow\">\n<p><strong>Deshalb der Tipp:<\/strong><br>Lassen Sie die Roll-l\u00e4den runter.<\/p>\n<\/div>\n\n\n\n<div class=\"wp-block-column is-layout-flow wp-block-column-is-layout-flow\">\n<figure class=\"wp-block-gallery has-nested-images columns-default wp-block-gallery-4 is-layout-flex wp-block-gallery-is-layout-flex\">\n<figure class=\"wp-block-image size-full\"><a href=\"https:\/\/klimaschutz-frankfurt.de\/leichte-sprache\/wp-content\/uploads\/sites\/3\/2024\/02\/energie-sparen-fenster-rollade-jalousien.jpg\"><img loading=\"lazy\" decoding=\"async\" width=\"1920\" height=\"1280\" data-id=\"86\" src=\"https:\/\/klimaschutz-frankfurt.de\/leichte-sprache\/wp-content\/uploads\/sites\/3\/2024\/02\/energie-sparen-fenster-rollade-jalousien.jpg\" alt=\"\" class=\"wp-image-86\" srcset=\"https:\/\/klimaschutz-frankfurt.de\/leichte-sprache\/wp-content\/uploads\/sites\/3\/2024\/02\/energie-sparen-fenster-rollade-jalousien.jpg 1920w, https:\/\/klimaschutz-frankfurt.de\/leichte-sprache\/wp-content\/uploads\/sites\/3\/2024\/02\/energie-sparen-fenster-rollade-jalousien-768x512.jpg 768w, https:\/\/klimaschutz-frankfurt.de\/leichte-sprache\/wp-content\/uploads\/sites\/3\/2024\/02\/energie-sparen-fenster-rollade-jalousien-1536x1024.jpg 1536w\" sizes=\"auto, (max-width: 1920px) 100vw, 1920px\" \/><\/a><\/figure>\n<\/figure>\n<\/div>\n<\/div>\n\n\n\n<div class=\"wp-block-columns is-layout-flex wp-container-core-columns-is-layout-9d6595d7 wp-block-columns-is-layout-flex\">\n<div class=\"wp-block-column is-layout-flow wp-block-column-is-layout-flow\">\n<p>Oder schlie\u00dfen Sie die Fensterl\u00e4den.<\/p>\n<\/div>\n\n\n\n<div class=\"wp-block-column is-layout-flow wp-block-column-is-layout-flow\"><\/div>\n<\/div>\n\n\n\n<div class=\"wp-block-columns is-layout-flex wp-container-core-columns-is-layout-9d6595d7 wp-block-columns-is-layout-flex\">\n<div class=\"wp-block-column is-layout-flow wp-block-column-is-layout-flow\">\n<p>Auf dem Balkon hilft ein Sonnenschirm.<br>Oder eine Markise.<br>Das ist ein Sonnen-Schutz zum Runter-lassen.<\/p>\n<\/div>\n\n\n\n<div class=\"wp-block-column is-layout-flow wp-block-column-is-layout-flow\">\n<figure class=\"wp-block-gallery has-nested-images columns-default wp-block-gallery-5 is-layout-flex wp-block-gallery-is-layout-flex\">\n<figure class=\"wp-block-image size-full\"><a href=\"https:\/\/klimaschutz-frankfurt.de\/leichte-sprache\/wp-content\/uploads\/sites\/3\/2024\/02\/sonnenschutz-balkon-sonnenschirm-markise.jpg\"><img loading=\"lazy\" decoding=\"async\" width=\"1920\" height=\"1280\" data-id=\"87\" src=\"https:\/\/klimaschutz-frankfurt.de\/leichte-sprache\/wp-content\/uploads\/sites\/3\/2024\/02\/sonnenschutz-balkon-sonnenschirm-markise.jpg\" alt=\"\" class=\"wp-image-87\" srcset=\"https:\/\/klimaschutz-frankfurt.de\/leichte-sprache\/wp-content\/uploads\/sites\/3\/2024\/02\/sonnenschutz-balkon-sonnenschirm-markise.jpg 1920w, https:\/\/klimaschutz-frankfurt.de\/leichte-sprache\/wp-content\/uploads\/sites\/3\/2024\/02\/sonnenschutz-balkon-sonnenschirm-markise-768x512.jpg 768w, https:\/\/klimaschutz-frankfurt.de\/leichte-sprache\/wp-content\/uploads\/sites\/3\/2024\/02\/sonnenschutz-balkon-sonnenschirm-markise-1536x1024.jpg 1536w\" sizes=\"auto, (max-width: 1920px) 100vw, 1920px\" \/><\/a><\/figure>\n<\/figure>\n<\/div>\n<\/div>\n\n\n\n<div class=\"wp-block-columns is-layout-flex wp-container-core-columns-is-layout-9d6595d7 wp-block-columns-is-layout-flex\">\n<div class=\"wp-block-column is-layout-flow wp-block-column-is-layout-flow\">\n<p>So werden die Fensterscheiben nicht hei\u00df.<\/p>\n\n\n\n<p>Es bleibt k\u00fchl im Zimmer.<\/p>\n<\/div>\n\n\n\n<div class=\"wp-block-column is-layout-flow wp-block-column-is-layout-flow\"><\/div>\n<\/div>\n\n\n\n<div class=\"wp-block-columns is-layout-flex wp-container-core-columns-is-layout-9d6595d7 wp-block-columns-is-layout-flex\">\n<div class=\"wp-block-column is-layout-flow wp-block-column-is-layout-flow\">\n<h2 class=\"wp-block-heading\" id=\"Feuchte_Tuecher\">Feuchte T\u00fccher aufh\u00e4ngen<\/h2>\n\n\n\n<p>Es klingt komisch.<\/p>\n\n\n\n<p>Aber es stimmt:<br>Feuchte T\u00fccher machen das Zimmer k\u00fchler.<\/p>\n\n\n\n<p><strong>Deshalb der Tipp:<\/strong><br>Spr\u00fchen Sie Wasser auf die Vorh\u00e4nge.<br>Oder h\u00e4ngen Sie feuchte Bettlaken auf.<\/p>\n<\/div>\n\n\n\n<div class=\"wp-block-column is-layout-flow wp-block-column-is-layout-flow\"><\/div>\n<\/div>\n\n\n\n<div class=\"wp-block-columns is-layout-flex wp-container-core-columns-is-layout-9d6595d7 wp-block-columns-is-layout-flex\">\n<div class=\"wp-block-column is-layout-flow wp-block-column-is-layout-flow\">\n<p>Das funktioniert so:<br>Das Wasser verdunstet wieder.<\/p>\n\n\n\n<p>Verdunsten bedeutet:<br>Das Wasser verschwindet.<br>Die T\u00fccher werden trocken.<\/p>\n\n\n\n<p>Das Verdunsten verbraucht die W\u00e4rme im Raum.<br>Und dabei wird es k\u00fchler.<\/p>\n<\/div>\n\n\n\n<div class=\"wp-block-column is-layout-flow wp-block-column-is-layout-flow\"><\/div>\n<\/div>\n\n\n\n<div class=\"wp-block-columns is-layout-flex wp-container-core-columns-is-layout-9d6595d7 wp-block-columns-is-layout-flex\">\n<div class=\"wp-block-column is-layout-flow wp-block-column-is-layout-flow\">\n<p><strong>\u00dcbrigens:<\/strong><br>Das funktioniert auch in der Nacht.<\/p>\n\n\n\n<p>H\u00e4ngen Sie die feuchten T\u00fccher vor das offene Fenster.<br>Dann str\u00f6mt die Luft durch das nasse Tuch.<br>Das macht die Luft k\u00fchl.<\/p>\n<\/div>\n\n\n\n<div class=\"wp-block-column is-layout-flow wp-block-column-is-layout-flow\"><\/div>\n<\/div>\n\n\n\n<div class=\"wp-block-columns is-layout-flex wp-container-core-columns-is-layout-9d6595d7 wp-block-columns-is-layout-flex\">\n<div class=\"wp-block-column is-layout-flow wp-block-column-is-layout-flow\">\n<p><strong>Hier ist noch ein Trick zum K\u00fchlen:<br>H\u00e4ngen Sie ein feuchtes Handtuch<br>vor den Venti-lator.<\/strong><\/p>\n\n\n\n<p>Venti-lator ist ein schweres Wort.<\/p>\n\n\n\n<p>Es bedeutet:<br>Wind-Maschine.<\/p>\n\n\n\n<p>Ein Venti-lator macht Wind im Zimmer.<\/p>\n<\/div>\n\n\n\n<div class=\"wp-block-column is-layout-flow wp-block-column-is-layout-flow\">\n<figure class=\"wp-block-gallery has-nested-images columns-default wp-block-gallery-6 is-layout-flex wp-block-gallery-is-layout-flex\">\n<figure class=\"wp-block-image size-full\"><a href=\"https:\/\/klimaschutz-frankfurt.de\/leichte-sprache\/wp-content\/uploads\/sites\/3\/2024\/02\/abkuelen-ventilator.jpg\"><img loading=\"lazy\" decoding=\"async\" width=\"1920\" height=\"1280\" data-id=\"88\" src=\"https:\/\/klimaschutz-frankfurt.de\/leichte-sprache\/wp-content\/uploads\/sites\/3\/2024\/02\/abkuelen-ventilator.jpg\" alt=\"\" class=\"wp-image-88\" srcset=\"https:\/\/klimaschutz-frankfurt.de\/leichte-sprache\/wp-content\/uploads\/sites\/3\/2024\/02\/abkuelen-ventilator.jpg 1920w, https:\/\/klimaschutz-frankfurt.de\/leichte-sprache\/wp-content\/uploads\/sites\/3\/2024\/02\/abkuelen-ventilator-768x512.jpg 768w, https:\/\/klimaschutz-frankfurt.de\/leichte-sprache\/wp-content\/uploads\/sites\/3\/2024\/02\/abkuelen-ventilator-1536x1024.jpg 1536w\" sizes=\"auto, (max-width: 1920px) 100vw, 1920px\" \/><\/a><\/figure>\n<\/figure>\n<\/div>\n<\/div>\n\n\n\n<div class=\"wp-block-columns is-layout-flex wp-container-core-columns-is-layout-9d6595d7 wp-block-columns-is-layout-flex\">\n<div class=\"wp-block-column is-layout-flow wp-block-column-is-layout-flow\">\n<p><strong>So funktioniert der Trick:<\/strong><\/p>\n\n\n\n<ul class=\"wp-block-list\">\n<li>Legen Sie ein Handtuch <br>\u00fcber einen Stuhl.<\/li>\n\n\n\n<li>Das Handtuch h\u00e4ngt unten <br>in einer Sch\u00fcssel mit Wasser.<\/li>\n\n\n\n<li>So saugt es sich voll mit Wasser.<\/li>\n\n\n\n<li>Stellen sie einen Venti-lator hinter <br>den Stuhl.<\/li>\n\n\n\n<li>Schalten Sie den Venti-lator ein.<\/li>\n\n\n\n<li>Das Wasser im Handtuch verdunstet.<\/li>\n\n\n\n<li>Die Luft im Zimmer wird k\u00fchler.<\/li>\n<\/ul>\n<\/div>\n\n\n\n<div class=\"wp-block-column is-layout-flow wp-block-column-is-layout-flow\"><\/div>\n<\/div>\n\n\n\n<div class=\"wp-block-columns is-layout-flex wp-container-core-columns-is-layout-9d6595d7 wp-block-columns-is-layout-flex\">\n<div class=\"wp-block-column is-layout-flow wp-block-column-is-layout-flow\">\n<h2 class=\"wp-block-heading\" id=\"Lustige_Tricks\">Lustige Tricks zum K\u00fchlen<\/h2>\n\n\n\n<p>Es ist zu warm im Zimmer?<\/p>\n\n\n\n<p>Sie k\u00f6nnen nicht schlafen?<br>Dann probieren Sie mal diese Tricks.<\/p>\n<\/div>\n\n\n\n<div class=\"wp-block-column is-layout-flow wp-block-column-is-layout-flow\"><\/div>\n<\/div>\n\n\n\n<div class=\"wp-block-columns is-layout-flex wp-container-core-columns-is-layout-9d6595d7 wp-block-columns-is-layout-flex\">\n<div class=\"wp-block-column is-layout-flow wp-block-column-is-layout-flow\">\n<h3 class=\"wp-block-heading\">Der Trick mit dem Schlafanzug:<\/h3>\n\n\n\n<ul class=\"wp-block-list\">\n<li>Packen Sie den Schlafanzug in eine T\u00fcte.<\/li>\n\n\n\n<li>Legen Sie die T\u00fcte f\u00fcr eine Stunde in das Eisfach vom K\u00fchlschrank.<\/li>\n\n\n\n<li>Ziehen Sie den kalten Schlafanzug an.<\/li>\n\n\n\n<li>Das ist angenehm k\u00fchl.<\/li>\n\n\n\n<li>Und es hilft beim Einschlafen.<\/li>\n<\/ul>\n<\/div>\n\n\n\n<div class=\"wp-block-column is-layout-flow wp-block-column-is-layout-flow\">\n<figure class=\"wp-block-gallery has-nested-images columns-default wp-block-gallery-7 is-layout-flex wp-block-gallery-is-layout-flex\">\n<figure class=\"wp-block-image size-full\"><a href=\"https:\/\/klimaschutz-frankfurt.de\/leichte-sprache\/wp-content\/uploads\/sites\/3\/2024\/02\/kuelschrank-kurz-oeffnen.jpg\"><img loading=\"lazy\" decoding=\"async\" width=\"1920\" height=\"1280\" data-id=\"89\" src=\"https:\/\/klimaschutz-frankfurt.de\/leichte-sprache\/wp-content\/uploads\/sites\/3\/2024\/02\/kuelschrank-kurz-oeffnen.jpg\" alt=\"\" class=\"wp-image-89\" srcset=\"https:\/\/klimaschutz-frankfurt.de\/leichte-sprache\/wp-content\/uploads\/sites\/3\/2024\/02\/kuelschrank-kurz-oeffnen.jpg 1920w, https:\/\/klimaschutz-frankfurt.de\/leichte-sprache\/wp-content\/uploads\/sites\/3\/2024\/02\/kuelschrank-kurz-oeffnen-768x512.jpg 768w, https:\/\/klimaschutz-frankfurt.de\/leichte-sprache\/wp-content\/uploads\/sites\/3\/2024\/02\/kuelschrank-kurz-oeffnen-1536x1024.jpg 1536w\" sizes=\"auto, (max-width: 1920px) 100vw, 1920px\" \/><\/a><\/figure>\n<\/figure>\n<\/div>\n<\/div>\n\n\n\n<div class=\"wp-block-columns is-layout-flex wp-container-core-columns-is-layout-9d6595d7 wp-block-columns-is-layout-flex\">\n<div class=\"wp-block-column is-layout-flow wp-block-column-is-layout-flow\">\n<h3 class=\"wp-block-heading\">Der Trick mit dem Bettlaken:<\/h3>\n\n\n\n<ul class=\"wp-block-list\">\n<li>Packen Sie das Bettlaken in eine T\u00fcte.<\/li>\n\n\n\n<li>Legen Sie die T\u00fcte f\u00fcr eine Stunde ins Eisfach.<\/li>\n\n\n\n<li>Legen Sie das kalte Bettlaken aufs Bett.<\/li>\n\n\n\n<li>Das k\u00fchlt auch ganz wunderbar.<\/li>\n<\/ul>\n<\/div>\n\n\n\n<div class=\"wp-block-column is-layout-flow wp-block-column-is-layout-flow\"><\/div>\n<\/div>\n\n\n\n<div class=\"wp-block-columns is-layout-flex wp-container-core-columns-is-layout-9d6595d7 wp-block-columns-is-layout-flex\">\n<div class=\"wp-block-column is-layout-flow wp-block-column-is-layout-flow\">\n<h3 class=\"wp-block-heading\">Der Trick mit der W\u00e4rm-Flasche:<\/h3>\n\n\n\n<p>Machen Sie aus einer W\u00e4rm-Flasche<br>eine K\u00fchl-Flasche.<\/p>\n\n\n\n<p>Das funktioniert so:<\/p>\n\n\n\n<ul class=\"wp-block-list\">\n<li>F\u00fcllen Sie eine W\u00e4rm-Flasche <br>mit kaltem Wasser.<\/li>\n\n\n\n<li>Legen Sie die W\u00e4rm-Flasche<br>in den K\u00fchlschrank.<\/li>\n\n\n\n<li>Nach einer Weile ist die W\u00e4rm-Flasche <br>sch\u00f6n kalt.<\/li>\n\n\n\n<li>Jetzt haben Sie eine K\u00fchl-Flasche.<\/li>\n<\/ul>\n\n\n\n<p>Legen Sie die K\u00fchl-Flasche auf:<\/p>\n\n\n\n<ul class=\"wp-block-list\">\n<li>den Nacken<\/li>\n\n\n\n<li>oder die Beine<\/li>\n\n\n\n<li>oder die F\u00fc\u00dfe.<\/li>\n<\/ul>\n\n\n\n<p>Das tut gut.<\/p>\n<\/div>\n\n\n\n<div class=\"wp-block-column is-layout-flow wp-block-column-is-layout-flow\"><\/div>\n<\/div>\n\n\n\n<div class=\"wp-block-columns is-layout-flex wp-container-core-columns-is-layout-9d6595d7 wp-block-columns-is-layout-flex\">\n<div class=\"wp-block-column is-layout-flow wp-block-column-is-layout-flow\">\n<h3 class=\"wp-block-heading\">Der Trick mit dem Duschen:<\/h3>\n\n\n\n<p>Achtung:<br>Kalt duschen hilft <strong><span style=\"text-decoration: underline\">nicht<\/span><\/strong>.<\/p>\n\n\n\n<p>Im Gegenteil.<br>Dann wird es Ihnen noch w\u00e4rmer.<\/p>\n\n\n\n<p>Der Grund:<br>Der K\u00f6rper wird bei kaltem Wasser aktiv.<br>Dann wird es uns warm.<\/p>\n\n\n\n<p><strong>Besser ist:<br>Duschen Sie lau-warm.<\/strong><\/p>\n<\/div>\n\n\n\n<div class=\"wp-block-column is-layout-flow wp-block-column-is-layout-flow\"><\/div>\n<\/div>\n\n\n\n<div class=\"wp-block-columns is-layout-flex wp-container-core-columns-is-layout-9d6595d7 wp-block-columns-is-layout-flex\">\n<div class=\"wp-block-column is-layout-flow wp-block-column-is-layout-flow\"><\/div>\n\n\n\n<div class=\"wp-block-column is-layout-flow wp-block-column-is-layout-flow\"><\/div>\n<\/div>\n","protected":false},"excerpt":{"rendered":"<p>Was k\u00f6nnen wir gegen Hitze in der Wohnung tun? Hier klicken, um Tipps zu lesen. K\u00fchlen Sie Ihre Wohnung und sch\u00fctzen Sie dabei das Klima.<\/p>\n","protected":false},"author":1,"featured_media":88,"parent":0,"menu_order":0,"comment_status":"closed","ping_status":"closed","template":"","meta":{"_acf_changed":false,"footnotes":""},"class_list":["post-27","page","type-page","status-publish","has-post-thumbnail","hentry"],"acf":[],"featured_image_src":"https:\/\/klimaschutz-frankfurt.de\/leichte-sprache\/wp-content\/uploads\/sites\/3\/2024\/02\/abkuelen-ventilator.jpg","publishpress_future_action":{"enabled":false,"date":"2026-05-10 11:24:14","action":"change-status","newStatus":"draft","terms":[],"taxonomy":"","extraData":[]},"publishpress_future_workflow_manual_trigger":{"enabledWorkflows":[]},"_links":{"self":[{"href":"https:\/\/klimaschutz-frankfurt.de\/leichte-sprache\/wp-json\/wp\/v2\/pages\/27","targetHints":{"allow":["GET"]}}],"collection":[{"href":"https:\/\/klimaschutz-frankfurt.de\/leichte-sprache\/wp-json\/wp\/v2\/pages"}],"about":[{"href":"https:\/\/klimaschutz-frankfurt.de\/leichte-sprache\/wp-json\/wp\/v2\/types\/page"}],"author":[{"embeddable":true,"href":"https:\/\/klimaschutz-frankfurt.de\/leichte-sprache\/wp-json\/wp\/v2\/users\/1"}],"replies":[{"embeddable":true,"href":"https:\/\/klimaschutz-frankfurt.de\/leichte-sprache\/wp-json\/wp\/v2\/comments?post=27"}],"version-history":[{"count":13,"href":"https:\/\/klimaschutz-frankfurt.de\/leichte-sprache\/wp-json\/wp\/v2\/pages\/27\/revisions"}],"predecessor-version":[{"id":343,"href":"https:\/\/klimaschutz-frankfurt.de\/leichte-sprache\/wp-json\/wp\/v2\/pages\/27\/revisions\/343"}],"wp:featuredmedia":[{"embeddable":true,"href":"https:\/\/klimaschutz-frankfurt.de\/leichte-sprache\/wp-json\/wp\/v2\/media\/88"}],"wp:attachment":[{"href":"https:\/\/klimaschutz-frankfurt.de\/leichte-sprache\/wp-json\/wp\/v2\/media?parent=27"}],"curies":[{"name":"wp","href":"https:\/\/api.w.org\/{rel}","templated":true}]}}