{"id":33,"date":"2023-11-09T16:35:26","date_gmt":"2023-11-09T15:35:26","guid":{"rendered":"https:\/\/klimaschutz-frankfurt.de\/leichte-sprache\/?page_id=33"},"modified":"2025-05-08T07:41:31","modified_gmt":"2025-05-08T05:41:31","slug":"wasser-sparen","status":"publish","type":"page","link":"https:\/\/klimaschutz-frankfurt.de\/leichte-sprache\/wasser-sparen\/","title":{"rendered":"Wasser sparen"},"content":{"rendered":"\n<div class=\"wp-block-columns is-layout-flex wp-container-core-columns-is-layout-9d6595d7 wp-block-columns-is-layout-flex\">\n<div class=\"wp-block-column is-layout-flow wp-block-column-is-layout-flow\">\n<h1 class=\"wp-block-heading\">So ist es klima-freundlich.<br>Tipps zum Wasser-Sparen und zum Energie-Sparen<\/h1>\n<\/div>\n\n\n\n<div class=\"wp-block-column is-layout-flow wp-block-column-is-layout-flow\"><\/div>\n<\/div>\n\n\n\n<div class=\"wp-block-columns is-layout-flex wp-container-core-columns-is-layout-9d6595d7 wp-block-columns-is-layout-flex\">\n<div class=\"wp-block-column is-layout-flow wp-block-column-is-layout-flow\">\n<p><strong>Wasser sparen bedeutet:<br>weniger Wasser verbrauchen.<\/strong><\/p>\n\n\n\n<p>Zum Beispiel:<\/p>\n\n\n\n<ul class=\"wp-block-list\">\n<li>beim W\u00e4sche-Waschen<\/li>\n\n\n\n<li>beim Geschirr-Sp\u00fclen<\/li>\n\n\n\n<li>beim Duschen<\/li>\n<\/ul>\n<\/div>\n\n\n\n<div class=\"wp-block-column is-layout-flow wp-block-column-is-layout-flow\"><\/div>\n<\/div>\n\n\n\n<div class=\"wp-block-columns is-layout-flex wp-container-core-columns-is-layout-9d6595d7 wp-block-columns-is-layout-flex\">\n<div class=\"wp-block-column is-layout-flow wp-block-column-is-layout-flow\">\n<p>Dazu brauchen wir viel warmes Wasser.<\/p>\n\n\n\n<p>Zum Warm-Machen von Wasser brauchen wir Energie.<\/p>\n\n\n\n<p>Diese Energie kommt vom:<\/p>\n\n\n\n<ul class=\"wp-block-list\">\n<li>Strom<\/li>\n\n\n\n<li>Gas<\/li>\n\n\n\n<li>Erd\u00f6l<\/li>\n\n\n\n<li>oder Holz<\/li>\n<\/ul>\n\n\n\n<p>F\u00fcr viel warmes Wasser brauchen wir<br>viel Energie.<\/p>\n\n\n\n<p>F\u00fcr weniger warmes Wasser brauchen wir<br>weniger Energie.<\/p>\n\n\n\n<p><strong>Wasser sparen bedeutet also auch:<br>Energie sparen.<\/strong><\/p>\n\n\n\n<p>Am besten ist:<br>Nicht so viel warmes Wasser verbrauchen.<\/p>\n\n\n\n<p>Das spart Wasser.<br>Und es spart Energie.<br>Das ist gut f\u00fcr unser Klima.<\/p>\n\n\n\n<p><strong>Warum sollen wir Wasser sparen?<\/strong><\/p>\n\n\n\n<p>Der Grund ist:<br>Wasser ist kostbar.<\/p>\n\n\n\n<p>Wir alle brauchen es zum Leben:<\/p>\n\n\n\n<ul class=\"wp-block-list\">\n<li>die Menschen<\/li>\n\n\n\n<li>die Pflanzen<\/li>\n\n\n\n<li>die Tiere<\/li>\n\n\n\n<li>und die ganze Natur<\/li>\n<\/ul>\n\n\n\n<p><strong>Deshalb ist es wichtig:<\/strong><br>Wir d\u00fcrfen Wasser nicht verschwenden.<\/p>\n\n\n\n<p>Wir sollen Wasser sparen.<br>Das ist die Aufgabe von uns allen.<\/p>\n<\/div>\n\n\n\n<div class=\"wp-block-column is-layout-flow wp-block-column-is-layout-flow\"><\/div>\n<\/div>\n\n\n\n<div class=\"wp-block-columns is-layout-flex wp-container-core-columns-is-layout-9d6595d7 wp-block-columns-is-layout-flex\">\n<div class=\"wp-block-column is-layout-flow wp-block-column-is-layout-flow\">\n<p><strong>Das sind die Tipps zum Wasser-Sparen.<\/strong><\/p>\n\n\n\n<p>Hier anklicken und mehr lesen \u2026<br><a href=\"#Duschen\">Wasser sparen beim Duschen<\/a><\/p>\n\n\n\n<p>Hier anklicken und mehr lesen \u2026<br><a href=\"#Geschirr-Sp\u00fclen\">Wasser sparen beim Geschirr-Sp\u00fclen<\/a><\/p>\n\n\n\n<p>Hier anklicken und mehr lesen \u2026<br><a href=\"#W\u00e4sche-Waschen\">Wasser sparen beim W\u00e4sche-Waschen<\/a><\/p>\n<\/div>\n\n\n\n<div class=\"wp-block-column is-layout-flow wp-block-column-is-layout-flow\"><\/div>\n<\/div>\n\n\n\n<div class=\"wp-block-columns is-layout-flex wp-container-core-columns-is-layout-9d6595d7 wp-block-columns-is-layout-flex\">\n<div class=\"wp-block-column is-layout-flow wp-block-column-is-layout-flow\">\n<h2 class=\"wp-block-heading\" id=\"Duschen\">Wasser sparen beim Duschen<\/h2>\n\n\n\n<p><strong>Der Tipp ist:<br>Duschen ist besser als baden in der Badewanne.<\/strong><\/p>\n\n\n\n<p>Der Grund ist:<br>In der Badewanne brauchen wir viel hei\u00dfes Wasser.<\/p>\n\n\n\n<p>Und f\u00fcr viel hei\u00dfes Wasser brauchen wir viel Energie.<\/p>\n\n\n\n<p>Beim Duschen brauchen wir <strong><span style=\"text-decoration: underline\">weniger<\/span><\/strong> Wasser.<\/p>\n\n\n\n<p>F\u00fcr <strong><span style=\"text-decoration: underline\">weniger<\/span><\/strong> hei\u00dfes Wasser brauchen wir<br><strong><span style=\"text-decoration: underline\">weniger<\/span><\/strong> Energie.<\/p>\n\n\n\n<p><strong>Der beste Tipp ist:<br>Duschen Sie kurz.<\/strong><\/p>\n\n\n\n<p>Der Grund:<br>Wir brauchen dabei <strong><span style=\"text-decoration: underline\">nur wenig<\/span><\/strong> hei\u00dfes Wasser.<br>Und <strong><span style=\"text-decoration: underline\">nur wenig<\/span><\/strong> Energie.<\/p>\n\n\n\n<p>Kurz duschen ist also gut f\u00fcrs Klima.<\/p>\n<\/div>\n\n\n\n<div class=\"wp-block-column is-layout-flow wp-block-column-is-layout-flow\">\n<figure class=\"wp-block-gallery has-nested-images columns-default wp-block-gallery-1 is-layout-flex wp-block-gallery-is-layout-flex\">\n<figure class=\"wp-block-image size-large\"><a href=\"https:\/\/klimaschutz-frankfurt.de\/leichte-sprache\/wp-content\/uploads\/sites\/3\/2024\/03\/wasser-sparen-duschen-duschkopf.jpg\"><img decoding=\"async\" src=\"https:\/\/klimaschutz-frankfurt.de\/leichte-sprache\/wp-content\/uploads\/sites\/3\/2024\/03\/wasser-sparen-duschen-duschkopf.jpg\" alt=\"\"\/><\/a><\/figure>\n<\/figure>\n<\/div>\n<\/div>\n\n\n\n<div class=\"wp-block-columns is-layout-flex wp-container-core-columns-is-layout-9d6595d7 wp-block-columns-is-layout-flex\">\n<div class=\"wp-block-column is-layout-flow wp-block-column-is-layout-flow\">\n<p><strong>Noch ein Tipp:<br>Kaufen Sie einen Duschkopf zum<br>Wasser-Sparen.<\/strong><\/p>\n\n\n\n<p>Duschkopf ist ein lustiges Wort.<\/p>\n\n\n\n<p>Zur Erkl\u00e4rung:<br>Der Duschkopf ist oben an der Dusche.<\/p>\n\n\n\n<p>Aus dem Duschkopf kommt das Wasser zum Duschen.<\/p>\n\n\n\n<p>Der Duschkopf zum Wasser-Sparen hei\u00dft:<br>Spar-Duschkopf.<\/p>\n\n\n\n<p>Damit kann man die H\u00e4lfte vom Wasser sparen.<\/p>\n<\/div>\n\n\n\n<div class=\"wp-block-column is-layout-flow wp-block-column-is-layout-flow\"><\/div>\n<\/div>\n\n\n\n<div class=\"wp-block-columns is-layout-flex wp-container-core-columns-is-layout-9d6595d7 wp-block-columns-is-layout-flex\">\n<div class=\"wp-block-column is-layout-flow wp-block-column-is-layout-flow\">\n<h2 class=\"wp-block-heading\" id=\"Geschirr-Sp\u00fclen\">Wasser sparen beim Geschirr-Sp\u00fclen<\/h2>\n\n\n\n<p><strong>Eine Geschirr-Sp\u00fclmaschine ist praktisch.<br>Sie sp\u00fclt viel Geschirr auf einmal.<\/strong><\/p>\n\n\n\n<p>Aber:<br>Zum Wasser-Sparen m\u00fcssen wir einige Regeln beachten.<\/p>\n<\/div>\n\n\n\n<div class=\"wp-block-column is-layout-flow wp-block-column-is-layout-flow\">\n<figure class=\"wp-block-gallery has-nested-images columns-default wp-block-gallery-2 is-layout-flex wp-block-gallery-is-layout-flex\">\n<figure class=\"wp-block-image size-large\"><a href=\"https:\/\/klimaschutz-frankfurt.de\/leichte-sprache\/wp-content\/uploads\/sites\/3\/2024\/03\/energie-sparen-geschirr-spuelen-geschirrspueler.jpg\"><img decoding=\"async\" src=\"https:\/\/klimaschutz-frankfurt.de\/leichte-sprache\/wp-content\/uploads\/sites\/3\/2024\/03\/energie-sparen-geschirr-spuelen-geschirrspueler.jpg\" alt=\"\"\/><\/a><\/figure>\n<\/figure>\n<\/div>\n<\/div>\n\n\n\n<div class=\"wp-block-columns is-layout-flex wp-container-core-columns-is-layout-9d6595d7 wp-block-columns-is-layout-flex\">\n<div class=\"wp-block-column is-layout-flow wp-block-column-is-layout-flow\">\n<p><strong>Wichtig zum Wasser-Sparen ist:<\/strong><\/p>\n\n\n\n<ul class=\"wp-block-list\">\n<li>Machen Sie die Sp\u00fcl-Maschine immer ganz voll.<\/li>\n\n\n\n<li>Wischen Sie Reste vom Essen von den Tellern.<\/li>\n\n\n\n<li>Sp\u00fclen Sie das Geschirr vorher <strong><span style=\"text-decoration: underline\">nicht<\/span><\/strong> extra ab.<\/li>\n\n\n\n<li>Halten Sie das Sieb in der Sp\u00fcl-Maschine sauber.<\/li>\n\n\n\n<li>Benutzen Sie das ECO-Programm.<br>ECO hei\u00dft \u00f6ko-logisch.<br>Das bedeutet: gut f\u00fcr die Umwelt und f\u00fcr das Klima.<br>Das ECO-Programm spart besonders viel Wasser.<\/li>\n<\/ul>\n<\/div>\n\n\n\n<div class=\"wp-block-column is-layout-flow wp-block-column-is-layout-flow\">\n<figure class=\"wp-block-gallery has-nested-images columns-default wp-block-gallery-3 is-layout-flex wp-block-gallery-is-layout-flex\">\n<figure class=\"wp-block-image size-large\"><a href=\"https:\/\/klimaschutz-frankfurt.de\/leichte-sprache\/wp-content\/uploads\/sites\/3\/2024\/03\/wasser-sparen-geschirrspueler-eco-programm.jpg\"><img decoding=\"async\" src=\"https:\/\/klimaschutz-frankfurt.de\/leichte-sprache\/wp-content\/uploads\/sites\/3\/2024\/03\/wasser-sparen-geschirrspueler-eco-programm.jpg\" alt=\"\"\/><\/a><\/figure>\n<\/figure>\n<\/div>\n<\/div>\n\n\n\n<div class=\"wp-block-columns is-layout-flex wp-container-core-columns-is-layout-9d6595d7 wp-block-columns-is-layout-flex\">\n<div class=\"wp-block-column is-layout-flow wp-block-column-is-layout-flow\">\n<h2 class=\"wp-block-heading\" id=\"W\u00e4sche-Waschen\">Wasser sparen beim W\u00e4sche-Waschen<\/h2>\n\n\n\n<p>Auch mit der Wasch-Maschine k\u00f6nnen wir<br>Strom und Wasser sparen.<\/p>\n<\/div>\n\n\n\n<div class=\"wp-block-column is-layout-flow wp-block-column-is-layout-flow\">\n<figure class=\"wp-block-gallery has-nested-images columns-default wp-block-gallery-4 is-layout-flex wp-block-gallery-is-layout-flex\">\n<figure class=\"wp-block-image size-large\"><a href=\"https:\/\/klimaschutz-frankfurt.de\/leichte-sprache\/wp-content\/uploads\/sites\/3\/2024\/03\/strom-sparen-waschmaschine.jpg\"><img decoding=\"async\" src=\"https:\/\/klimaschutz-frankfurt.de\/leichte-sprache\/wp-content\/uploads\/sites\/3\/2024\/03\/strom-sparen-waschmaschine.jpg\" alt=\"\"\/><\/a><\/figure>\n<\/figure>\n<\/div>\n<\/div>\n\n\n\n<div class=\"wp-block-columns is-layout-flex wp-container-core-columns-is-layout-9d6595d7 wp-block-columns-is-layout-flex\">\n<div class=\"wp-block-column is-layout-flow wp-block-column-is-layout-flow\">\n<p><strong>Das ist der Tipp:<br>Waschen Sie mit dem ECO-Programm.<\/strong><\/p>\n\n\n\n<p>Viele Wasch-Maschinen haben ein ECO-Programm.<\/p>\n\n\n\n<p>ECO bedeutet \u00f6ko-logisch.<\/p>\n\n\n\n<p>Und \u00f6ko-logisch bedeutet:<br>gut f\u00fcr die Umwelt und das Klima.<\/p>\n\n\n\n<p>Das ECO-Programm ist sparsam.<br>Es verbraucht <strong><span style=\"text-decoration: underline\">weniger<\/span><\/strong> Strom.<br>Und <strong><span style=\"text-decoration: underline\">weniger<\/span><\/strong> Wasser.<\/p>\n\n\n\n<p>Andere Wasch-Programme brauchen mehr Wasser.<br>Und mehr Strom.<\/p>\n<\/div>\n\n\n\n<div class=\"wp-block-column is-layout-flow wp-block-column-is-layout-flow\">\n<figure class=\"wp-block-gallery has-nested-images columns-default wp-block-gallery-5 is-layout-flex wp-block-gallery-is-layout-flex\">\n<figure class=\"wp-block-image size-large\"><a href=\"https:\/\/klimaschutz-frankfurt.de\/leichte-sprache\/wp-content\/uploads\/sites\/3\/2024\/03\/energie-sparen-waschmaschine-vorwaesche-eco.jpg\"><img decoding=\"async\" src=\"https:\/\/klimaschutz-frankfurt.de\/leichte-sprache\/wp-content\/uploads\/sites\/3\/2024\/03\/energie-sparen-waschmaschine-vorwaesche-eco.jpg\" alt=\"\"\/><\/a><\/figure>\n<\/figure>\n<\/div>\n<\/div>\n\n\n\n<div class=\"wp-block-columns is-layout-flex wp-container-core-columns-is-layout-9d6595d7 wp-block-columns-is-layout-flex\">\n<div class=\"wp-block-column is-layout-flow wp-block-column-is-layout-flow\">\n<p><strong>Noch ein Tipp:<br><span style=\"text-decoration: underline\">Keine<\/span> Vor-W\u00e4sche benutzen<\/strong><\/p>\n\n\n\n<p>Es gibt auch das Programm Vor-W\u00e4sche.<\/p>\n\n\n\n<p>Vor-W\u00e4sche ist f\u00fcr besonders schmutzige W\u00e4sche.<\/p>\n\n\n\n<p>Die W\u00e4sche wird dann zweimal gewaschen.<\/p>\n\n\n\n<p>Aber:<br>Zweimal waschen braucht mehr Wasser.<\/p>\n\n\n\n<p><strong>Deshalb:<br>F\u00fcr normale W\u00e4sche reicht das Haupt-Programm.<\/strong><\/p>\n\n\n\n<p>Haupt-Programm bedeutet:<br>Die W\u00e4sche wird einmal gewaschen.<\/p>\n\n\n\n<p>Dabei wird die Kleidung auch sauber.<br>Und einmal waschen spart Wasser und Energie.<\/p>\n<\/div>\n\n\n\n<div class=\"wp-block-column is-layout-flow wp-block-column-is-layout-flow\"><\/div>\n<\/div>\n","protected":false},"excerpt":{"rendered":"<p>Wasser sparen bedeutet:\u2028 weniger Wasser verbrauchen. F\u00fcr warmes Wasser brauchen wir auch Strom. Hier klicken und Wasser und Storm sparen.<\/p>\n","protected":false},"author":1,"featured_media":160,"parent":0,"menu_order":0,"comment_status":"closed","ping_status":"closed","template":"","meta":{"_acf_changed":false,"footnotes":""},"class_list":["post-33","page","type-page","status-publish","has-post-thumbnail","hentry"],"acf":[],"featured_image_src":"https:\/\/klimaschutz-frankfurt.de\/leichte-sprache\/wp-content\/uploads\/sites\/3\/2024\/03\/wasser-sparen-duschen-duschkopf.jpg","publishpress_future_action":{"enabled":false,"date":"2026-05-08 10:17:07","action":"change-status","newStatus":"draft","terms":[],"taxonomy":"","extraData":[]},"publishpress_future_workflow_manual_trigger":{"enabledWorkflows":[]},"_links":{"self":[{"href":"https:\/\/klimaschutz-frankfurt.de\/leichte-sprache\/wp-json\/wp\/v2\/pages\/33","targetHints":{"allow":["GET"]}}],"collection":[{"href":"https:\/\/klimaschutz-frankfurt.de\/leichte-sprache\/wp-json\/wp\/v2\/pages"}],"about":[{"href":"https:\/\/klimaschutz-frankfurt.de\/leichte-sprache\/wp-json\/wp\/v2\/types\/page"}],"author":[{"embeddable":true,"href":"https:\/\/klimaschutz-frankfurt.de\/leichte-sprache\/wp-json\/wp\/v2\/users\/1"}],"replies":[{"embeddable":true,"href":"https:\/\/klimaschutz-frankfurt.de\/leichte-sprache\/wp-json\/wp\/v2\/comments?post=33"}],"version-history":[{"count":6,"href":"https:\/\/klimaschutz-frankfurt.de\/leichte-sprache\/wp-json\/wp\/v2\/pages\/33\/revisions"}],"predecessor-version":[{"id":379,"href":"https:\/\/klimaschutz-frankfurt.de\/leichte-sprache\/wp-json\/wp\/v2\/pages\/33\/revisions\/379"}],"wp:featuredmedia":[{"embeddable":true,"href":"https:\/\/klimaschutz-frankfurt.de\/leichte-sprache\/wp-json\/wp\/v2\/media\/160"}],"wp:attachment":[{"href":"https:\/\/klimaschutz-frankfurt.de\/leichte-sprache\/wp-json\/wp\/v2\/media?parent=33"}],"curies":[{"name":"wp","href":"https:\/\/api.w.org\/{rel}","templated":true}]}}